{"id":2410,"date":"2016-02-20T13:40:08","date_gmt":"2016-02-20T11:40:08","guid":{"rendered":"http:\/\/www.editionlempfer.de\/?product=13er-regimensmarsch"},"modified":"2017-04-26T12:15:42","modified_gmt":"2017-04-26T10:15:42","slug":"13er-regimensmarsch","status":"publish","type":"product","link":"http:\/\/www.editionlempfer.de\/?product=13er-regimensmarsch","title":{"rendered":"13er Regimensmarsch"},"content":{"rendered":"","protected":false},"excerpt":{"rendered":"<h6><span style=\"color: #808080;\">*Endpreis zzgl. Versandkosten, keine Ausweisung der Mehrwertsteuer gem\u00e4\u00df \u00a7 19 UStG<\/span><\/h6>\n<hr \/>\n<p><strong>Musik:<\/strong> Johann Pilles<\/p>\n<p><strong>Arrangement:<\/strong>\u00a0Tobias Lempfer<\/p>\n<hr \/>\n<p><em>Der \u00f6sterreichische Komponist und Kapellmeister Johann Pilles (1883-1963) schrieb eine Reihe von (Milit\u00e4r-)M\u00e4rschen f\u00fcr sinfonische Blasorchester. Er war nach dem zweiten Weltkrieg ma\u00dfgeblich am Wiederaufbau des Musikwesens im Burgenland beteiligt.<\/em><\/p>\n<p><em>Dieser Marsch besticht durch seine wundersch\u00f6nen Melodien. Das Arrangement ist leicht zu realisieren. Es bleibt traditionellen Bearbeitungen f\u00fcr Spielmannsz\u00fcge treu und geht dabei auf die modernen Besetzungen ein. F\u00fcr jede Besetzung empfehlenswert!<\/em><\/p>\n<p>&nbsp;<\/p>\n<p><strong><em>SCHWIERIGKEITSGRAD: <\/em><\/strong><em>BDMV Kategorie 2<br \/>\n<\/em><\/p>\n<p><strong><em>DAUER: <\/em><\/strong><em>ca. 2&#8217;30 Minuten<br \/>\n<\/em><\/p>\n<hr \/>\n<p>Demo f\u00fcr C- und C\/B-Besetzung<\/p>\n[audio mp3=\"http:\/\/www.editionlempfer.de\/wp-content\/uploads\/2016\/02\/13er-Regimentsmarsch-C-CB-Demo.mp3\"][\/audio]\n<p>Demo f\u00fcr Ces\/Fes-Besetzung<\/p>\n[audio mp3=\"http:\/\/www.editionlempfer.de\/wp-content\/uploads\/2016\/02\/13er-Regimentsmarsch-CesFes-Demo.mp3\"][\/audio]\n<p>Demo f\u00fcr Fl\u00f6tenorchester<\/p>\n[audio mp3=\"http:\/\/www.editionlempfer.de\/wp-content\/uploads\/2016\/02\/13er-Regimentsmarsch-FO-Demo.mp3\"][\/audio]\n<hr \/>\n<ul>\n<li><strong>C-Besetzung:<\/strong> Piccolo Solo (ad lib.)\/1\/2, Fl\u00f6te 1\/2\/3, Altfl\u00f6te in G (ad lib.), Bassfl\u00f6te (ad lib.), Kontrabassfl\u00f6te (ad lib.)<\/li>\n<li><strong>C\/B-Besetzung<\/strong>: Piccolo Solo (ad lib.)\/1\/2, Sopran Solo (ad lib.)\/1\/2, Fl\u00f6te 1\/2\/3, Altfl\u00f6te in G (ad lib.), Bassfl\u00f6te (ad lib.), Kontrabassfl\u00f6te (ad lib.)<\/li>\n<li><strong>Ces\/Fes-Besetzung:<\/strong> Sopran in Ces Solo (ad lib.)\/1\/2, Alt in Fes 1\/2, Tenor in Ces<\/li>\n<li><strong>B\/Es-Besetzung:<\/strong> Sopran in B Solo (ad lib.)\/1\/2, Alt in Es 1\/2, Tenor in B<\/li>\n<li><strong>Fl\u00f6tenorchester:<\/strong> Piccolo (solo), Fl\u00f6te 1\/2\/3\/4, Altfl\u00f6te in G, Bassfl\u00f6te, Kontrabassfl\u00f6te (ad lib.)<\/li>\n<\/ul>\n<ul>\n<li><strong>Stabspiele<\/strong>: Glockenspiel, Marimba 2 (ad lib.), Marimba (Bass) [2 Spieler+]<\/li>\n<li><strong>Schlagwerk:<\/strong> Pauken (ad lib.), Kleine Trommel, Becken\/Gro\u00dfe Trommel [3 Spieler+]<\/li>\n<\/ul>\n<p>&nbsp;<\/p>\n<p><span style=\"color: #6aa694;\"><em>Anmerkung: Es ist kein Bassmarimba erforderlich. Alle Kompositionen und Arrangements sind f\u00fcr ein Standard-4 \u2153-Oktaven-Marimba geschrieben. Sollten Marimba 1 und Marimba 2 besetzt sein, k\u00f6nnen die Stimmen ebenfalls auf einem 4 \u2153-Oktaven-Instrument gespielt werden.<\/em><\/span><\/p>\n<hr \/>\n<p><strong><a href=\"http:\/\/www.editionlempfer.de\/?product=13er-regimentsmarsch-partitur\" target=\"_blank\">Extra-Partituren<\/a><\/strong><\/p>\n","protected":false},"featured_media":2412,"comment_status":"closed","ping_status":"closed","template":"","meta":[],"product_cat":[21],"product_tag":[],"_links":{"self":[{"href":"http:\/\/www.editionlempfer.de\/index.php?rest_route=\/wp\/v2\/product\/2410"}],"collection":[{"href":"http:\/\/www.editionlempfer.de\/index.php?rest_route=\/wp\/v2\/product"}],"about":[{"href":"http:\/\/www.editionlempfer.de\/index.php?rest_route=\/wp\/v2\/types\/product"}],"replies":[{"embeddable":true,"href":"http:\/\/www.editionlempfer.de\/index.php?rest_route=%2Fwp%2Fv2%2Fcomments&post=2410"}],"wp:featuredmedia":[{"embeddable":true,"href":"http:\/\/www.editionlempfer.de\/index.php?rest_route=\/wp\/v2\/media\/2412"}],"wp:attachment":[{"href":"http:\/\/www.editionlempfer.de\/index.php?rest_route=%2Fwp%2Fv2%2Fmedia&parent=2410"}],"wp:term":[{"taxonomy":"product_cat","embeddable":true,"href":"http:\/\/www.editionlempfer.de\/index.php?rest_route=%2Fwp%2Fv2%2Fproduct_cat&post=2410"},{"taxonomy":"product_tag","embeddable":true,"href":"http:\/\/www.editionlempfer.de\/index.php?rest_route=%2Fwp%2Fv2%2Fproduct_tag&post=2410"}],"curies":[{"name":"wp","href":"https:\/\/api.w.org\/{rel}","templated":true}]}}